{"id":47,"date":"2012-06-19T15:14:46","date_gmt":"2012-06-19T15:14:46","guid":{"rendered":"http:\/\/mdelcarmenmartinez.blogs.uva.es\/?page_id=47"},"modified":"2014-12-28T19:22:46","modified_gmt":"2014-12-28T18:22:46","slug":"proyectos-de-investigacion","status":"publish","type":"page","link":"https:\/\/mdelcarmenmartinez.blogs.uva.es\/?page_id=47","title":{"rendered":"Proyectos de Investigaci\u00f3n"},"content":{"rendered":"<p>Participaci\u00f3n en Proyectos financiados:<\/p>\n<ul>\n<li><em>Humanismo y tradici\u00f3n cl\u00e1sica y human\u00edstica en Espa\u00f1a e Hispanoam\u00e9rica<\/em>. Junta de Castilla y Le\u00f3n. Consejer\u00eda de Educaci\u00f3n y Cultura. Ref. LE 56\/01 (2001-2003)<\/li>\n<li><em>La tradici\u00f3n cl\u00e1sica y human\u00edstica en Espa\u00f1a e Hispanoam\u00e9rica<\/em>. Ministerio de Ciencia y Tecnolog\u00eda. Subdirecci\u00f3n General de Proyectos de Investigaci\u00f3n. BFF2000-1279-C03-02 (2001-2003)<\/li>\n<li><em>La tradici\u00f3n cl\u00e1sica y human\u00edstica en Espa\u00f1a e Hispanoam\u00e9rica<\/em>. Ministerio de Ciencia y Tecnolog\u00eda. Subdirecci\u00f3n General de Proyectos de Investigaci\u00f3n. Clave: BFF2003-06547-C03-01. (2004-2006).<\/li>\n<li><em>Humanismo y tradici\u00f3n cl\u00e1sica y human\u00edstica en Espa\u00f1a e Hispanoam\u00e9rica<\/em>. Proyecto de Investigaci\u00f3n LE59\/04 de la Consejer\u00eda de Cultura de la Junta de Castilla y Le\u00f3n. (2004-2006).<\/li>\n<li><em>La tradici\u00f3n cl\u00e1sica y human\u00edstica en Espa\u00f1a e Hispanoam\u00e9rica<\/em>. Ministerio de Educaci\u00f3n y Ciencia. Programa Nacional de Investigaci\u00f3n en Humanidades. Direcci\u00f3n General de Investigaci\u00f3n. HUM2006-09045-C03-01\/FILO (2006-2009)<\/li>\n<\/ul>\n","protected":false},"excerpt":{"rendered":"<p>Participaci\u00f3n en Proyectos financiados: Humanismo y tradici\u00f3n cl\u00e1sica y human\u00edstica en Espa\u00f1a e Hispanoam\u00e9rica. Junta de Castilla y Le\u00f3n. Consejer\u00eda de Educaci\u00f3n y Cultura. Ref. LE 56\/01 (2001-2003) La tradici\u00f3n cl\u00e1sica y human\u00edstica en Espa\u00f1a e Hispanoam\u00e9rica. Ministerio de Ciencia &hellip; <a href=\"https:\/\/mdelcarmenmartinez.blogs.uva.es\/?page_id=47\">Sigue leyendo <span class=\"meta-nav\">&rarr;<\/span><\/a><\/p>\n","protected":false},"author":86,"featured_media":0,"parent":35,"menu_order":0,"comment_status":"closed","ping_status":"closed","template":"onecolumn-page.php","meta":{"footnotes":""},"class_list":["post-47","page","type-page","status-publish","hentry"],"_links":{"self":[{"href":"https:\/\/mdelcarmenmartinez.blogs.uva.es\/index.php?rest_route=\/wp\/v2\/pages\/47","targetHints":{"allow":["GET"]}}],"collection":[{"href":"https:\/\/mdelcarmenmartinez.blogs.uva.es\/index.php?rest_route=\/wp\/v2\/pages"}],"about":[{"href":"https:\/\/mdelcarmenmartinez.blogs.uva.es\/index.php?rest_route=\/wp\/v2\/types\/page"}],"author":[{"embeddable":true,"href":"https:\/\/mdelcarmenmartinez.blogs.uva.es\/index.php?rest_route=\/wp\/v2\/users\/86"}],"replies":[{"embeddable":true,"href":"https:\/\/mdelcarmenmartinez.blogs.uva.es\/index.php?rest_route=%2Fwp%2Fv2%2Fcomments&post=47"}],"version-history":[{"count":0,"href":"https:\/\/mdelcarmenmartinez.blogs.uva.es\/index.php?rest_route=\/wp\/v2\/pages\/47\/revisions"}],"up":[{"embeddable":true,"href":"https:\/\/mdelcarmenmartinez.blogs.uva.es\/index.php?rest_route=\/wp\/v2\/pages\/35"}],"wp:attachment":[{"href":"https:\/\/mdelcarmenmartinez.blogs.uva.es\/index.php?rest_route=%2Fwp%2Fv2%2Fmedia&parent=47"}],"curies":[{"name":"wp","href":"https:\/\/api.w.org\/{rel}","templated":true}]}}